{"id":2018,"date":"2022-04-12T11:28:13","date_gmt":"2022-04-12T10:28:13","guid":{"rendered":"https:\/\/www.caraco.it\/web\/?page_id=2018"},"modified":"2022-07-14T10:40:36","modified_gmt":"2022-07-14T09:40:36","slug":"la-gallinella-e-il-chicco-di-grano","status":"publish","type":"page","link":"https:\/\/www.caraco.it\/web\/it\/teatro\/la-gallinella-e-il-chicco-di-grano\/","title":{"rendered":"la gallinella e il chicco di grano"},"content":{"rendered":"\t\t<div data-elementor-type=\"wp-page\" data-elementor-id=\"2018\" class=\"elementor elementor-2018\">\n\t\t\t\t\t\t<section class=\"elementor-section elementor-top-section elementor-element elementor-element-3e747da elementor-section-boxed elementor-section-height-default elementor-section-height-default wpr-particle-no wpr-jarallax-no wpr-parallax-no wpr-sticky-section-no\" data-id=\"3e747da\" data-element_type=\"section\">\n\t\t\t\t\t\t<div class=\"elementor-container elementor-column-gap-default\">\n\t\t\t\t\t<div class=\"elementor-column elementor-col-100 elementor-top-column elementor-element elementor-element-a88d378\" data-id=\"a88d378\" data-element_type=\"column\">\n\t\t\t<div class=\"elementor-widget-wrap elementor-element-populated\">\n\t\t\t\t\t\t<div class=\"elementor-element elementor-element-58d48b9 elementor-widget elementor-widget-image\" data-id=\"58d48b9\" data-element_type=\"widget\" data-widget_type=\"image.default\">\n\t\t\t\t<div class=\"elementor-widget-container\">\n\t\t\t\t\t\t\t\t\t\t\t\t\t\t\t<img decoding=\"async\" width=\"150\" height=\"156\" src=\"https:\/\/www.caraco.it\/web\/wp-content\/uploads\/2022\/03\/logo_caraco_teatro.svg\" class=\"attachment-large size-large wp-image-1130\" alt=\"\" \/>\t\t\t\t\t\t\t\t\t\t\t\t\t\t\t<\/div>\n\t\t\t\t<\/div>\n\t\t\t\t<div class=\"elementor-element elementor-element-081692b elementor-widget-divider--view-line elementor-widget elementor-widget-divider\" data-id=\"081692b\" data-element_type=\"widget\" data-widget_type=\"divider.default\">\n\t\t\t\t<div class=\"elementor-widget-container\">\n\t\t\t\t\t\t\t<div class=\"elementor-divider\">\n\t\t\t<span class=\"elementor-divider-separator\">\n\t\t\t\t\t\t<\/span>\n\t\t<\/div>\n\t\t\t\t\t\t<\/div>\n\t\t\t\t<\/div>\n\t\t\t\t\t<\/div>\n\t\t<\/div>\n\t\t\t\t\t<\/div>\n\t\t<\/section>\n\t\t\t\t<section class=\"elementor-section elementor-top-section elementor-element elementor-element-1bff9de elementor-section-boxed elementor-section-height-default elementor-section-height-default wpr-particle-no wpr-jarallax-no wpr-parallax-no wpr-sticky-section-no\" data-id=\"1bff9de\" data-element_type=\"section\">\n\t\t\t\t\t\t<div class=\"elementor-container elementor-column-gap-default\">\n\t\t\t\t\t<div class=\"elementor-column elementor-col-33 elementor-top-column elementor-element elementor-element-15c649b\" data-id=\"15c649b\" data-element_type=\"column\">\n\t\t\t<div class=\"elementor-widget-wrap elementor-element-populated\">\n\t\t\t\t\t\t<div class=\"elementor-element elementor-element-577b50c elementor-widget elementor-widget-premium-addon-button\" data-id=\"577b50c\" data-element_type=\"widget\" data-widget_type=\"premium-addon-button.default\">\n\t\t\t\t<div class=\"elementor-widget-container\">\n\t\t\t\t\t\r\n\r\n\t\t<a class=\"premium-button premium-button-none premium-btn-sm premium-button-none\">\r\n\t\t\t<div class=\"premium-button-text-icon-wrapper\">\r\n\t\t\t\t\r\n\t\t\t\t\t\t\t\t\t<span >\r\n\t\t\t\t\t\tet\u00e0 5+\t\t\t\t\t<\/span>\r\n\t\t\t\t\r\n\t\t\t\t\t\t\t<\/div>\r\n\r\n\t\t\t\r\n\t\t\t\r\n\t\t\t\r\n\t\t<\/a>\r\n\r\n\r\n\t\t\t\t\t\t<\/div>\n\t\t\t\t<\/div>\n\t\t\t\t<div class=\"elementor-element elementor-element-840368e elementor-widget elementor-widget-heading\" data-id=\"840368e\" data-element_type=\"widget\" data-widget_type=\"heading.default\">\n\t\t\t\t<div class=\"elementor-widget-container\">\n\t\t\t\t\t<h3 class=\"elementor-heading-title elementor-size-default\">La Gallinella e il chicco di grano<\/h3>\t\t\t\t<\/div>\n\t\t\t\t<\/div>\n\t\t\t\t<div class=\"elementor-element elementor-element-2617dc0 elementor-widget elementor-widget-text-editor\" data-id=\"2617dc0\" data-element_type=\"widget\" data-widget_type=\"text-editor.default\">\n\t\t\t\t<div class=\"elementor-widget-container\">\n\t\t\t\t\t\t\t\t\t<p>Produzione Carac\u00f2 teatro &#8211; Educativv\u00f9<\/p>\t\t\t\t\t\t\t\t<\/div>\n\t\t\t\t<\/div>\n\t\t\t\t<div class=\"elementor-element elementor-element-17faa41 elementor-widget-divider--view-line elementor-widget elementor-widget-divider\" data-id=\"17faa41\" data-element_type=\"widget\" data-widget_type=\"divider.default\">\n\t\t\t\t<div class=\"elementor-widget-container\">\n\t\t\t\t\t\t\t<div class=\"elementor-divider\">\n\t\t\t<span class=\"elementor-divider-separator\">\n\t\t\t\t\t\t<\/span>\n\t\t<\/div>\n\t\t\t\t\t\t<\/div>\n\t\t\t\t<\/div>\n\t\t\t\t<div class=\"elementor-element elementor-element-c104474 elementor-widget elementor-widget-text-editor\" data-id=\"c104474\" data-element_type=\"widget\" data-widget_type=\"text-editor.default\">\n\t\t\t\t<div class=\"elementor-widget-container\">\n\t\t\t\t\t\t\t\t\t<p>La gallinella rossa e il chicco di grano \u00e8 uno spettacolo per attrice, ukulele, pupazzi\/oggetti e animazioni video <span style=\"font-weight: 400;\">dedicato all\u2019infanzia.<\/span><br \/>Il linguaggio tradizionale del teatro delle marionette e muppet con l\u2019interazione video a supporto delle immagini e della storia che l\u2019attrice racconta. <br \/>L\u2019impianto \u00e8 quello del teatro dei burattini 2.0: abbiamo messo in comunicazione artigianato e tecnologia attraverso il dialogo tra pupazzi animati e proiezioni in 2d, realizzando una struttura innovativa rispetto al classico teatrino di tradizione. <br \/>La sfida artistica \u00e8 quella di creare un nuovo linguaggio che avr\u00e0 le mani nel passato e lo sguardo nel presente, che sappia divertire, sorprendere e coinvolgere.<\/p>\t\t\t\t\t\t\t\t<\/div>\n\t\t\t\t<\/div>\n\t\t\t\t<div class=\"elementor-element elementor-element-1693c89 elementor-widget-divider--view-line elementor-widget elementor-widget-divider\" data-id=\"1693c89\" data-element_type=\"widget\" data-widget_type=\"divider.default\">\n\t\t\t\t<div class=\"elementor-widget-container\">\n\t\t\t\t\t\t\t<div class=\"elementor-divider\">\n\t\t\t<span class=\"elementor-divider-separator\">\n\t\t\t\t\t\t<\/span>\n\t\t<\/div>\n\t\t\t\t\t\t<\/div>\n\t\t\t\t<\/div>\n\t\t\t\t<div class=\"elementor-element elementor-element-8493094 elementor-widget elementor-widget-text-editor\" data-id=\"8493094\" data-element_type=\"widget\" data-widget_type=\"text-editor.default\">\n\t\t\t\t<div class=\"elementor-widget-container\">\n\t\t\t\t\t\t\t\t\t<p>di<br \/>Alessandro Gallo<br \/>Carmine Luino<br \/>Barbara Mattavelli<\/p><p>con<br \/>Barbara Mattavelli<\/p><p>illustrazioni animate<br \/>Carmine Luino<\/p><p>scenografia<br \/>Elena Cassoli<\/p><p>regia<br \/>Alessandro Gallo<\/p><p>aiuto regia<br \/>Carmine Luino<\/p>\t\t\t\t\t\t\t\t<\/div>\n\t\t\t\t<\/div>\n\t\t\t\t\t<\/div>\n\t\t<\/div>\n\t\t\t\t<div class=\"elementor-column elementor-col-33 elementor-top-column elementor-element elementor-element-d1cbf57\" data-id=\"d1cbf57\" data-element_type=\"column\">\n\t\t\t<div class=\"elementor-widget-wrap\">\n\t\t\t\t\t\t\t<\/div>\n\t\t<\/div>\n\t\t\t\t<div class=\"elementor-column elementor-col-33 elementor-top-column elementor-element elementor-element-2ad3521\" data-id=\"2ad3521\" data-element_type=\"column\">\n\t\t\t<div class=\"elementor-widget-wrap elementor-element-populated\">\n\t\t\t\t\t\t<div class=\"elementor-element elementor-element-6f19075 gallery-spacing-custom elementor-widget elementor-widget-image-gallery\" data-id=\"6f19075\" data-element_type=\"widget\" data-widget_type=\"image-gallery.default\">\n\t\t\t\t<div class=\"elementor-widget-container\">\n\t\t\t\t\t\t\t<div class=\"elementor-image-gallery\">\n\t\t\t<div id='gallery-1' class='gallery galleryid-2018 gallery-columns-3 gallery-size-thumbnail'><figure class='gallery-item'>\n\t\t\t<div class='gallery-icon landscape'>\n\t\t\t\t<a data-elementor-open-lightbox=\"yes\" data-elementor-lightbox-slideshow=\"6f19075\" data-elementor-lightbox-title=\"La gallinella e il chicco di grano -  Animazioni di Carmine Luino\" data-e-action-hash=\"#elementor-action%3Aaction%3Dlightbox%26settings%3DeyJpZCI6MjAyMCwidXJsIjoiaHR0cHM6XC9cL3d3dy5jYXJhY28uaXRcL3dlYlwvd3AtY29udGVudFwvdXBsb2Fkc1wvMjAyMlwvMDRcL0dSVVBQT19HQUxMSU5FTExBLW5vbWkuanBnIiwic2xpZGVzaG93IjoiNmYxOTA3NSJ9\" href='https:\/\/www.caraco.it\/web\/wp-content\/uploads\/2022\/04\/GRUPPO_GALLINELLA-nomi.jpg'><img decoding=\"async\" width=\"150\" height=\"150\" src=\"https:\/\/www.caraco.it\/web\/wp-content\/uploads\/2022\/04\/GRUPPO_GALLINELLA-nomi-150x150.jpg\" class=\"attachment-thumbnail size-thumbnail\" alt=\"\" \/><\/a>\n\t\t\t<\/div><\/figure><figure class='gallery-item'>\n\t\t\t<div class='gallery-icon portrait'>\n\t\t\t\t<a data-elementor-open-lightbox=\"yes\" data-elementor-lightbox-slideshow=\"6f19075\" data-elementor-lightbox-title=\"La gallinella e il chicco di grano -  Allestimento\" data-e-action-hash=\"#elementor-action%3Aaction%3Dlightbox%26settings%3DeyJpZCI6MjAyMSwidXJsIjoiaHR0cHM6XC9cL3d3dy5jYXJhY28uaXRcL3dlYlwvd3AtY29udGVudFwvdXBsb2Fkc1wvMjAyMlwvMDRcL2JhcmJhcmEtc2luZ29sYS5qcGciLCJzbGlkZXNob3ciOiI2ZjE5MDc1In0%3D\" href='https:\/\/www.caraco.it\/web\/wp-content\/uploads\/2022\/04\/barbara-singola.jpg'><img decoding=\"async\" width=\"150\" height=\"150\" src=\"https:\/\/www.caraco.it\/web\/wp-content\/uploads\/2022\/04\/barbara-singola-150x150.jpg\" class=\"attachment-thumbnail size-thumbnail\" alt=\"\" \/><\/a>\n\t\t\t<\/div><\/figure><figure class='gallery-item'>\n\t\t\t<div class='gallery-icon landscape'>\n\t\t\t\t<a data-elementor-open-lightbox=\"yes\" data-elementor-lightbox-slideshow=\"6f19075\" data-elementor-lightbox-title=\"Foto di Luigi Giovenale  \/ ABANA \/ Fotografia di spettacolo \/ Prof. Gianni Fiorito\" data-e-action-hash=\"#elementor-action%3Aaction%3Dlightbox%26settings%3DeyJpZCI6MjUwOCwidXJsIjoiaHR0cHM6XC9cL3d3dy5jYXJhY28uaXRcL3dlYlwvd3AtY29udGVudFwvdXBsb2Fkc1wvMjAyMlwvMDdcL2xhLWdhbGxpbmVsbGEtZS1pbC1jaGljY28tZGktZ3Jhbm8tMS1zY2FsZWQuanBnIiwic2xpZGVzaG93IjoiNmYxOTA3NSJ9\" href='https:\/\/www.caraco.it\/web\/wp-content\/uploads\/2022\/07\/la-gallinella-e-il-chicco-di-grano-1-scaled.jpg'><img loading=\"lazy\" decoding=\"async\" width=\"150\" height=\"150\" src=\"https:\/\/www.caraco.it\/web\/wp-content\/uploads\/2022\/07\/la-gallinella-e-il-chicco-di-grano-1-150x150.jpg\" class=\"attachment-thumbnail size-thumbnail\" alt=\"\" \/><\/a>\n\t\t\t<\/div><\/figure><figure class='gallery-item'>\n\t\t\t<div class='gallery-icon landscape'>\n\t\t\t\t<a data-elementor-open-lightbox=\"yes\" data-elementor-lightbox-slideshow=\"6f19075\" data-elementor-lightbox-title=\"Foto di Mariachiara D&#039;Apuzzo  \/ ABANA \/ Fotografia di spettacolo \/ Prof. Gianni Fiorito\" data-e-action-hash=\"#elementor-action%3Aaction%3Dlightbox%26settings%3DeyJpZCI6MjUwOSwidXJsIjoiaHR0cHM6XC9cL3d3dy5jYXJhY28uaXRcL3dlYlwvd3AtY29udGVudFwvdXBsb2Fkc1wvMjAyMlwvMDdcL2xhLWdhbGxpbmVsbGEtZS1pbC1jaGljY28tZGktZ3Jhbm8tMi1zY2FsZWQuanBnIiwic2xpZGVzaG93IjoiNmYxOTA3NSJ9\" href='https:\/\/www.caraco.it\/web\/wp-content\/uploads\/2022\/07\/la-gallinella-e-il-chicco-di-grano-2-scaled.jpg'><img loading=\"lazy\" decoding=\"async\" width=\"150\" height=\"150\" src=\"https:\/\/www.caraco.it\/web\/wp-content\/uploads\/2022\/07\/la-gallinella-e-il-chicco-di-grano-2-150x150.jpg\" class=\"attachment-thumbnail size-thumbnail\" alt=\"\" \/><\/a>\n\t\t\t<\/div><\/figure><figure class='gallery-item'>\n\t\t\t<div class='gallery-icon landscape'>\n\t\t\t\t<a data-elementor-open-lightbox=\"yes\" data-elementor-lightbox-slideshow=\"6f19075\" data-elementor-lightbox-title=\"Foto di Mariachiara D&#039;Apuzzo  \/ ABANA \/ Fotografia di spettacolo \/ Prof. Gianni Fiorito\" data-e-action-hash=\"#elementor-action%3Aaction%3Dlightbox%26settings%3DeyJpZCI6MjUxMCwidXJsIjoiaHR0cHM6XC9cL3d3dy5jYXJhY28uaXRcL3dlYlwvd3AtY29udGVudFwvdXBsb2Fkc1wvMjAyMlwvMDdcL2xhLWdhbGxpbmVsbGEtZS1pbC1jaGljY28tZGktZ3Jhbm8tMy1zY2FsZWQuanBnIiwic2xpZGVzaG93IjoiNmYxOTA3NSJ9\" href='https:\/\/www.caraco.it\/web\/wp-content\/uploads\/2022\/07\/la-gallinella-e-il-chicco-di-grano-3-scaled.jpg'><img loading=\"lazy\" decoding=\"async\" width=\"150\" height=\"150\" src=\"https:\/\/www.caraco.it\/web\/wp-content\/uploads\/2022\/07\/la-gallinella-e-il-chicco-di-grano-3-150x150.jpg\" class=\"attachment-thumbnail size-thumbnail\" alt=\"\" \/><\/a>\n\t\t\t<\/div><\/figure><figure class='gallery-item'>\n\t\t\t<div class='gallery-icon landscape'>\n\t\t\t\t<a data-elementor-open-lightbox=\"yes\" data-elementor-lightbox-slideshow=\"6f19075\" data-elementor-lightbox-title=\"Foto di Luca Cosentino \/ ABANA \/ Fotografia di spettacolo \/ Prof. Gianni Fiorito\" data-e-action-hash=\"#elementor-action%3Aaction%3Dlightbox%26settings%3DeyJpZCI6MjUxMSwidXJsIjoiaHR0cHM6XC9cL3d3dy5jYXJhY28uaXRcL3dlYlwvd3AtY29udGVudFwvdXBsb2Fkc1wvMjAyMlwvMDdcL2xhLWdhbGxpbmVsbGEtZS1pbC1jaGljY28tZGktZ3Jhbm8tNC1zY2FsZWQuanBnIiwic2xpZGVzaG93IjoiNmYxOTA3NSJ9\" href='https:\/\/www.caraco.it\/web\/wp-content\/uploads\/2022\/07\/la-gallinella-e-il-chicco-di-grano-4-scaled.jpg'><img loading=\"lazy\" decoding=\"async\" width=\"150\" height=\"150\" src=\"https:\/\/www.caraco.it\/web\/wp-content\/uploads\/2022\/07\/la-gallinella-e-il-chicco-di-grano-4-150x150.jpg\" class=\"attachment-thumbnail size-thumbnail\" alt=\"\" \/><\/a>\n\t\t\t<\/div><\/figure><figure class='gallery-item'>\n\t\t\t<div class='gallery-icon landscape'>\n\t\t\t\t<a data-elementor-open-lightbox=\"yes\" data-elementor-lightbox-slideshow=\"6f19075\" data-elementor-lightbox-title=\"Foto di Luigi Giovenale  \/ ABANA \/ Fotografia di spettacolo \/ Prof. Gianni Fiorito\" data-e-action-hash=\"#elementor-action%3Aaction%3Dlightbox%26settings%3DeyJpZCI6MjUxMiwidXJsIjoiaHR0cHM6XC9cL3d3dy5jYXJhY28uaXRcL3dlYlwvd3AtY29udGVudFwvdXBsb2Fkc1wvMjAyMlwvMDdcL2xhLWdhbGxpbmVsbGEtZS1pbC1jaGljY28tZGktZ3Jhbm8tNS1zY2FsZWQuanBnIiwic2xpZGVzaG93IjoiNmYxOTA3NSJ9\" href='https:\/\/www.caraco.it\/web\/wp-content\/uploads\/2022\/07\/la-gallinella-e-il-chicco-di-grano-5-scaled.jpg'><img loading=\"lazy\" decoding=\"async\" width=\"150\" height=\"150\" src=\"https:\/\/www.caraco.it\/web\/wp-content\/uploads\/2022\/07\/la-gallinella-e-il-chicco-di-grano-5-150x150.jpg\" class=\"attachment-thumbnail size-thumbnail\" alt=\"\" \/><\/a>\n\t\t\t<\/div><\/figure><figure class='gallery-item'>\n\t\t\t<div class='gallery-icon landscape'>\n\t\t\t\t<a data-elementor-open-lightbox=\"yes\" data-elementor-lightbox-slideshow=\"6f19075\" data-elementor-lightbox-title=\"Foto di Antonia Montuori \/ ABANA \/ Fotografia di spettacolo \/ Prof. Gianni Fiorito\" data-e-action-hash=\"#elementor-action%3Aaction%3Dlightbox%26settings%3DeyJpZCI6MjUxMywidXJsIjoiaHR0cHM6XC9cL3d3dy5jYXJhY28uaXRcL3dlYlwvd3AtY29udGVudFwvdXBsb2Fkc1wvMjAyMlwvMDdcL2xhLWdhbGxpbmVsbGEtZS1pbC1jaGljY28tZGktZ3Jhbm8tNi1zY2FsZWQuanBnIiwic2xpZGVzaG93IjoiNmYxOTA3NSJ9\" href='https:\/\/www.caraco.it\/web\/wp-content\/uploads\/2022\/07\/la-gallinella-e-il-chicco-di-grano-6-scaled.jpg'><img loading=\"lazy\" decoding=\"async\" width=\"150\" height=\"150\" src=\"https:\/\/www.caraco.it\/web\/wp-content\/uploads\/2022\/07\/la-gallinella-e-il-chicco-di-grano-6-150x150.jpg\" class=\"attachment-thumbnail size-thumbnail\" alt=\"\" \/><\/a>\n\t\t\t<\/div><\/figure><figure class='gallery-item'>\n\t\t\t<div class='gallery-icon landscape'>\n\t\t\t\t<a data-elementor-open-lightbox=\"yes\" data-elementor-lightbox-slideshow=\"6f19075\" data-elementor-lightbox-title=\"Foto di Luigi Giovenale  \/ ABANA \/ Fotografia di spettacolo \/ Prof. Gianni Fiorito\" data-e-action-hash=\"#elementor-action%3Aaction%3Dlightbox%26settings%3DeyJpZCI6MjUxNCwidXJsIjoiaHR0cHM6XC9cL3d3dy5jYXJhY28uaXRcL3dlYlwvd3AtY29udGVudFwvdXBsb2Fkc1wvMjAyMlwvMDdcL2xhLWdhbGxpbmVsbGEtZS1pbC1jaGljY28tZGktZ3Jhbm8tNy1zY2FsZWQuanBnIiwic2xpZGVzaG93IjoiNmYxOTA3NSJ9\" href='https:\/\/www.caraco.it\/web\/wp-content\/uploads\/2022\/07\/la-gallinella-e-il-chicco-di-grano-7-scaled.jpg'><img loading=\"lazy\" decoding=\"async\" width=\"150\" height=\"150\" src=\"https:\/\/www.caraco.it\/web\/wp-content\/uploads\/2022\/07\/la-gallinella-e-il-chicco-di-grano-7-150x150.jpg\" class=\"attachment-thumbnail size-thumbnail\" alt=\"\" \/><\/a>\n\t\t\t<\/div><\/figure><figure class='gallery-item'>\n\t\t\t<div class='gallery-icon landscape'>\n\t\t\t\t<a data-elementor-open-lightbox=\"yes\" data-elementor-lightbox-slideshow=\"6f19075\" data-elementor-lightbox-title=\"Foto di Antonia Montuori \/ ABANA \/ Fotografia di spettacolo \/ Prof. Gianni Fiorito\" data-e-action-hash=\"#elementor-action%3Aaction%3Dlightbox%26settings%3DeyJpZCI6MjUxNSwidXJsIjoiaHR0cHM6XC9cL3d3dy5jYXJhY28uaXRcL3dlYlwvd3AtY29udGVudFwvdXBsb2Fkc1wvMjAyMlwvMDdcL2xhLWdhbGxpbmVsbGEtZS1pbC1jaGljY28tZGktZ3Jhbm8tOC1zY2FsZWQuanBnIiwic2xpZGVzaG93IjoiNmYxOTA3NSJ9\" href='https:\/\/www.caraco.it\/web\/wp-content\/uploads\/2022\/07\/la-gallinella-e-il-chicco-di-grano-8-scaled.jpg'><img loading=\"lazy\" decoding=\"async\" width=\"150\" height=\"150\" src=\"https:\/\/www.caraco.it\/web\/wp-content\/uploads\/2022\/07\/la-gallinella-e-il-chicco-di-grano-8-150x150.jpg\" class=\"attachment-thumbnail size-thumbnail\" alt=\"\" \/><\/a>\n\t\t\t<\/div><\/figure><figure class='gallery-item'>\n\t\t\t<div class='gallery-icon landscape'>\n\t\t\t\t<a data-elementor-open-lightbox=\"yes\" data-elementor-lightbox-slideshow=\"6f19075\" data-elementor-lightbox-title=\"Foto di Luca Cosentino \/ ABANA \/ Fotografia di spettacolo \/ Prof. Gianni Fiorito\" data-e-action-hash=\"#elementor-action%3Aaction%3Dlightbox%26settings%3DeyJpZCI6MjUxNiwidXJsIjoiaHR0cHM6XC9cL3d3dy5jYXJhY28uaXRcL3dlYlwvd3AtY29udGVudFwvdXBsb2Fkc1wvMjAyMlwvMDdcL2xhLWdhbGxpbmVsbGEtZS1pbC1jaGljY28tZGktZ3Jhbm8tOS1zY2FsZWQuanBnIiwic2xpZGVzaG93IjoiNmYxOTA3NSJ9\" href='https:\/\/www.caraco.it\/web\/wp-content\/uploads\/2022\/07\/la-gallinella-e-il-chicco-di-grano-9-scaled.jpg'><img loading=\"lazy\" decoding=\"async\" width=\"150\" height=\"150\" src=\"https:\/\/www.caraco.it\/web\/wp-content\/uploads\/2022\/07\/la-gallinella-e-il-chicco-di-grano-9-150x150.jpg\" class=\"attachment-thumbnail size-thumbnail\" alt=\"\" \/><\/a>\n\t\t\t<\/div><\/figure><figure class='gallery-item'>\n\t\t\t<div class='gallery-icon landscape'>\n\t\t\t\t<a data-elementor-open-lightbox=\"yes\" data-elementor-lightbox-slideshow=\"6f19075\" data-elementor-lightbox-title=\"Foto di Mariachiara D&#039;Apuzzo  \/ ABANA \/ Fotografia di spettacolo \/ Prof. Gianni Fiorito\" data-e-action-hash=\"#elementor-action%3Aaction%3Dlightbox%26settings%3DeyJpZCI6MjUxOSwidXJsIjoiaHR0cHM6XC9cL3d3dy5jYXJhY28uaXRcL3dlYlwvd3AtY29udGVudFwvdXBsb2Fkc1wvMjAyMlwvMDdcL2xhLWdhbGxpbmVsbGEtZS1pbC1jaGljY28tZGktZ3Jhbm8tMTItc2NhbGVkLmpwZyIsInNsaWRlc2hvdyI6IjZmMTkwNzUifQ%3D%3D\" href='https:\/\/www.caraco.it\/web\/wp-content\/uploads\/2022\/07\/la-gallinella-e-il-chicco-di-grano-12-scaled.jpg'><img loading=\"lazy\" decoding=\"async\" width=\"150\" height=\"150\" src=\"https:\/\/www.caraco.it\/web\/wp-content\/uploads\/2022\/07\/la-gallinella-e-il-chicco-di-grano-12-150x150.jpg\" class=\"attachment-thumbnail size-thumbnail\" alt=\"\" \/><\/a>\n\t\t\t<\/div><\/figure><figure class='gallery-item'>\n\t\t\t<div class='gallery-icon portrait'>\n\t\t\t\t<a data-elementor-open-lightbox=\"yes\" data-elementor-lightbox-slideshow=\"6f19075\" data-elementor-lightbox-title=\"Foto di Luigi Giovenale  \/ ABANA \/ Fotografia di spettacolo \/ Prof. Gianni Fiorito\" data-e-action-hash=\"#elementor-action%3Aaction%3Dlightbox%26settings%3DeyJpZCI6MjUyMywidXJsIjoiaHR0cHM6XC9cL3d3dy5jYXJhY28uaXRcL3dlYlwvd3AtY29udGVudFwvdXBsb2Fkc1wvMjAyMlwvMDdcL2xhLWdhbGxpbmVsbGEtZS1pbC1jaGljY28tZGktZ3Jhbm8tMTEtc2NhbGVkLmpwZyIsInNsaWRlc2hvdyI6IjZmMTkwNzUifQ%3D%3D\" href='https:\/\/www.caraco.it\/web\/wp-content\/uploads\/2022\/07\/la-gallinella-e-il-chicco-di-grano-11-scaled.jpg'><img loading=\"lazy\" decoding=\"async\" width=\"150\" height=\"150\" src=\"https:\/\/www.caraco.it\/web\/wp-content\/uploads\/2022\/07\/la-gallinella-e-il-chicco-di-grano-11-150x150.jpg\" class=\"attachment-thumbnail size-thumbnail\" alt=\"\" \/><\/a>\n\t\t\t<\/div><\/figure><figure class='gallery-item'>\n\t\t\t<div class='gallery-icon landscape'>\n\t\t\t\t<a data-elementor-open-lightbox=\"yes\" data-elementor-lightbox-slideshow=\"6f19075\" data-elementor-lightbox-title=\"Foto di Mariachiara D&#039;Apuzzo  \/ ABANA \/ Fotografia di spettacolo \/ Prof. Gianni Fiorito\" data-e-action-hash=\"#elementor-action%3Aaction%3Dlightbox%26settings%3DeyJpZCI6MjUyNCwidXJsIjoiaHR0cHM6XC9cL3d3dy5jYXJhY28uaXRcL3dlYlwvd3AtY29udGVudFwvdXBsb2Fkc1wvMjAyMlwvMDdcL2xhLWdhbGxpbmVsbGEtZS1pbC1jaGljY28tZGktZ3Jhbm8tMTAuanBnIiwic2xpZGVzaG93IjoiNmYxOTA3NSJ9\" href='https:\/\/www.caraco.it\/web\/wp-content\/uploads\/2022\/07\/la-gallinella-e-il-chicco-di-grano-10.jpg'><img loading=\"lazy\" decoding=\"async\" width=\"150\" height=\"150\" src=\"https:\/\/www.caraco.it\/web\/wp-content\/uploads\/2022\/07\/la-gallinella-e-il-chicco-di-grano-10-150x150.jpg\" class=\"attachment-thumbnail size-thumbnail\" alt=\"\" \/><\/a>\n\t\t\t<\/div><\/figure>\n\t\t<\/div>\n\t\t<\/div>\n\t\t\t\t\t\t<\/div>\n\t\t\t\t<\/div>\n\t\t\t\t\t<\/div>\n\t\t<\/div>\n\t\t\t\t\t<\/div>\n\t\t<\/section>\n\t\t\t\t<\/div>\n\t\t","protected":false},"excerpt":{"rendered":"<p>et\u00e0 5+ La Gallinella e il chicco di grano Produzione Carac\u00f2 teatro &#8211; Educativv\u00f9 La gallinella rossa e il chicco di grano \u00e8 uno spettacolo per attrice, ukulele, pupazzi\/oggetti e animazioni video dedicato all\u2019infanzia.Il linguaggio tradizionale del teatro delle marionette e muppet con l\u2019interazione video a supporto delle immagini e della storia che l\u2019attrice racconta. L\u2019impianto \u00e8 quello del teatro dei burattini 2.0: abbiamo messo in comunicazione artigianato e tecnologia attraverso il dialogo tra pupazzi animati e proiezioni in 2d, realizzando una struttura innovativa rispetto al classico teatrino di tradizione. La sfida artistica \u00e8 quella di creare un nuovo linguaggio che avr\u00e0 le mani nel passato e lo sguardo nel presente, che sappia divertire, sorprendere e coinvolgere. diAlessandro GalloCarmine LuinoBarbara Mattavelli conBarbara Mattavelli illustrazioni animateCarmine Luino scenografiaElena Cassoli regiaAlessandro Gallo aiuto regiaCarmine Luino<\/p>\n","protected":false},"author":1,"featured_media":0,"parent":426,"menu_order":40,"comment_status":"closed","ping_status":"closed","template":"","meta":{"footnotes":"","_links_to":"","_links_to_target":""},"class_list":["post-2018","page","type-page","status-publish","hentry"],"blocksy_meta":{"styles_descriptor":{"styles":{"desktop":"","tablet":"","mobile":""},"google_fonts":[],"version":6},"page_title_panel":"","has_hero_section":"disabled","1681c340680a4c4c8fc3d02e4fb2e644":"","hero_section":"type-1","hero_elements":[{"id":"custom_title","enabled":true,"heading_tag":"h1","title":"Home"},{"id":"custom_description","enabled":true,"description_visibility":{"desktop":true,"tablet":true,"mobile":false}},{"id":"custom_meta","enabled":false,"meta_elements":[{"id":"author","enabled":true,"label":"By","has_author_avatar":"yes","avatar_size":25},{"id":"post_date","enabled":true,"label":"On","date_format_source":"default","date_format":"M j, Y"},{"id":"updated_date","enabled":false,"label":"On","date_format_source":"default","date_format":"M j, Y"},{"id":"categories","enabled":false,"label":"In","style":"simple"},{"id":"comments","enabled":true}],"page_meta_elements":{"joined":true,"articles_count":true,"comments":true}},{"id":"breadcrumbs","enabled":false}],"4284a362741d51228b8076c957de7abd":"","hero_alignment1":"CT_CSS_SKIP_RULE","hero_margin":40,"hero_alignment2":"center","hero_vertical_alignment":"center","eaf41e55ca70da2b572d08f0da3bbde0":"","hero_structure":"narrow","c277440919eb49219a39a4fc82508c91":"","page_title_bg_type":"featured_image","custom_hero_background":{"attachment_id":null},"page_title_image_size":"full","parallax":{"desktop":false,"tablet":false,"mobile":false},"286bfbb8bbebcc3d18c6e2927384a462":"","hero_height":"250px","pageTitleFont":{"family":"Default","variation":"Default","size":"30px","line-height":"CT_CSS_SKIP_RULE","letter-spacing":"CT_CSS_SKIP_RULE","text-transform":"CT_CSS_SKIP_RULE","text-decoration":"CT_CSS_SKIP_RULE"},"pageTitleFontColor":{"default":{"color":"CT_CSS_SKIP_RULEDEFAULT"}},"pageMetaFont":{"family":"Default","variation":"n6","size":"12px","line-height":"1.3","letter-spacing":"CT_CSS_SKIP_RULE","text-transform":"uppercase","text-decoration":"CT_CSS_SKIP_RULE"},"pageMetaFontColor":{"default":{"color":"CT_CSS_SKIP_RULEDEFAULT"},"hover":{"color":"CT_CSS_SKIP_RULEDEFAULT"}},"page_meta_button_type_font_colors":{"default":{"color":"CT_CSS_SKIP_RULEDEFAULT"},"hover":{"color":"CT_CSS_SKIP_RULEDEFAULT"}},"page_meta_button_type_background_colors":{"default":{"color":"CT_CSS_SKIP_RULEDEFAULT"},"hover":{"color":"CT_CSS_SKIP_RULEDEFAULT"}},"pageExcerptFont":{"family":"Default","variation":"Default","size":"CT_CSS_SKIP_RULE","line-height":"CT_CSS_SKIP_RULE","letter-spacing":"CT_CSS_SKIP_RULE","text-transform":"CT_CSS_SKIP_RULE","text-decoration":"CT_CSS_SKIP_RULE"},"pageExcerptColor":{"default":{"color":"CT_CSS_SKIP_RULEDEFAULT"}},"breadcrumbsFont":{"family":"Default","variation":"Default","size":"CT_CSS_SKIP_RULE","line-height":"CT_CSS_SKIP_RULE","letter-spacing":"CT_CSS_SKIP_RULE","text-transform":"CT_CSS_SKIP_RULE","text-decoration":"CT_CSS_SKIP_RULE"},"breadcrumbsFontColor":{"default":{"color":"CT_CSS_SKIP_RULEDEFAULT"},"initial":{"color":"CT_CSS_SKIP_RULEDEFAULT"},"hover":{"color":"CT_CSS_SKIP_RULEDEFAULT"}},"pageTitleOverlay":{"background_type":"color","background_pattern":"type-1","background_image":{"attachment_id":null,"x":0,"y":0},"gradient":"linear-gradient(135deg,rgba(6,147,227,1) 0%,rgb(155,81,224) 100%)","background_repeat":"repeat","background_size":"auto","background_attachment":"scroll","patternColor":{"default":{"color":"#e5e7ea"}},"overlayColor":{"default":{"color":"CT_CSS_SKIP_RULE"}},"backgroundColor":{"default":{"color":"CT_CSS_SKIP_RULE"}}},"pageTitleBackground":{"background_type":"color","background_pattern":"type-1","background_image":{"attachment_id":null,"x":0,"y":0},"gradient":"linear-gradient(135deg,rgba(6,147,227,1) 0%,rgb(155,81,224) 100%)","background_repeat":"repeat","background_size":"auto","background_attachment":"scroll","patternColor":{"default":{"color":"#e5e7ea"}},"overlayColor":{"default":{"color":"CT_CSS_SKIP_RULE"}},"backgroundColor":{"default":{"color":"var(--theme-palette-color-6)"}}},"pageTitlePadding":{"top":"50px","bottom":"50px","left":"auto","right":"auto","linked":true},"b0584ccf8cc3e374bd8cb00d41c20ba9":"","page_structure_type":"default","357f414315fc15e60457e9105d96d0f7":"","content_style_source":"inherit","content_style":"wide","vertical_spacing_source":"inherit","content_area_spacing":"both","background":{"background_type":"color","background_pattern":"type-1","background_image":{"attachment_id":null,"x":0,"y":0},"gradient":"linear-gradient(135deg,rgba(6,147,227,1) 0%,rgb(155,81,224) 100%)","background_repeat":"repeat","background_size":"auto","background_attachment":"scroll","patternColor":{"default":{"color":"#e5e7ea"}},"overlayColor":{"default":{"color":"CT_CSS_SKIP_RULE"}},"backgroundColor":{"default":{"color":"CT_CSS_SKIP_RULE"}}},"content_background":{"background_type":"color","background_pattern":"type-1","background_image":{"attachment_id":null,"x":0,"y":0},"gradient":"linear-gradient(135deg,rgba(6,147,227,1) 0%,rgb(155,81,224) 100%)","background_repeat":"repeat","background_size":"auto","background_attachment":"scroll","patternColor":{"default":{"color":"#e5e7ea"}},"overlayColor":{"default":{"color":"CT_CSS_SKIP_RULE"}},"backgroundColor":{"default":{"color":"var(--theme-palette-color-8)"}}},"content_boxed_shadow":{"inherit":false,"blur":18,"spread":-6,"v_offset":12,"h_offset":0,"inset":false,"enable":true,"color":{"color":"rgba(34, 56, 101, 0.04)"}},"boxed_content_spacing":{"desktop":{"top":"40px","bottom":"40px","left":"40px","right":"40px","linked":true},"tablet":{"top":"35px","bottom":"35px","left":"35px","right":"35px","linked":true},"mobile":{"top":"20px","bottom":"20px","left":"20px","right":"20px","linked":true}},"content_boxed_radius":{"top":"3px","bottom":"3px","left":"3px","right":"3px","linked":true},"c734e975a45e3a856990e7fff8146834":"","disable_featured_image":"no","disable_share_box":"no","disable_header":"no","disable_footer":"no"},"aioseo_notices":[],"_links":{"self":[{"href":"https:\/\/www.caraco.it\/web\/wp-json\/wp\/v2\/pages\/2018","targetHints":{"allow":["GET"]}}],"collection":[{"href":"https:\/\/www.caraco.it\/web\/wp-json\/wp\/v2\/pages"}],"about":[{"href":"https:\/\/www.caraco.it\/web\/wp-json\/wp\/v2\/types\/page"}],"author":[{"embeddable":true,"href":"https:\/\/www.caraco.it\/web\/wp-json\/wp\/v2\/users\/1"}],"replies":[{"embeddable":true,"href":"https:\/\/www.caraco.it\/web\/wp-json\/wp\/v2\/comments?post=2018"}],"version-history":[{"count":13,"href":"https:\/\/www.caraco.it\/web\/wp-json\/wp\/v2\/pages\/2018\/revisions"}],"predecessor-version":[{"id":2527,"href":"https:\/\/www.caraco.it\/web\/wp-json\/wp\/v2\/pages\/2018\/revisions\/2527"}],"up":[{"embeddable":true,"href":"https:\/\/www.caraco.it\/web\/wp-json\/wp\/v2\/pages\/426"}],"wp:attachment":[{"href":"https:\/\/www.caraco.it\/web\/wp-json\/wp\/v2\/media?parent=2018"}],"curies":[{"name":"wp","href":"https:\/\/api.w.org\/{rel}","templated":true}]}}